{"id":1200,"date":"2025-05-14T10:00:00","date_gmt":"2025-05-14T14:00:00","guid":{"rendered":"http:\/\/lasformasdellibro.com\/?post_type=video_skrn&#038;p=1200"},"modified":"2025-07-14T13:16:21","modified_gmt":"2025-07-14T17:16:21","slug":"pedro-juan-gutierrez","status":"publish","type":"video_skrn","link":"http:\/\/lasformasdellibro.com\/?video_skrn=pedro-juan-gutierrez","title":{"rendered":"Pedro Juan Guti\u00e9rrez"},"content":{"rendered":"\n<p>El universo de Pedro Juan Guti\u00e9rrez se forj\u00f3 con literatura y periodismo. En conversaci\u00f3n con Ra\u00fal Cazal en <em>Las formas del libro <\/em>se pasearon por su narrativa, poes\u00eda, pl\u00e1stica y la cr\u00f3nica de una \u00e9poca construida con ficci\u00f3n. <\/p>\n\n\n\n<p><strong>Las formas del libro | Episodio 54 <\/strong><\/p>\n\n\n\n<p>Direcci\u00f3n y conducci\u00f3n: Ra\u00fal Cazal <br>Edici\u00f3n, c\u00e1mara y sonido: Juan Jos\u00e9 Espinoza <br>C\u00e1mara y foto fija: Ross Roiner <br>M\u00fasica: Pedro Mar\u00edn<\/p>\n\n\n\n<div class=\"wp-block-jetpack-tiled-gallery is-style-square\"><div class=\"tiled-gallery__gallery\"><div class=\"tiled-gallery__row columns-2\"><div class=\"tiled-gallery__col\"><figure class=\"tiled-gallery__item\"><img decoding=\"async\" srcset=\"https:\/\/i2.wp.com\/lasformasdellibro.com\/wp-content\/uploads\/2025\/05\/IMG_4343-2-1024x576.jpg?resize=600,600&#038;strip=info 600w,https:\/\/i2.wp.com\/lasformasdellibro.com\/wp-content\/uploads\/2025\/05\/IMG_4343-2-1024x576.jpg?resize=900,900&#038;strip=info 900w,https:\/\/i2.wp.com\/lasformasdellibro.com\/wp-content\/uploads\/2025\/05\/IMG_4343-2-1024x576.jpg?resize=1080,1080&#038;strip=info 1080w\" alt=\"\" data-height=\"1080\" data-id=\"1213\" data-link=\"http:\/\/lasformasdellibro.com\/?attachment_id=1213\" data-url=\"http:\/\/lasformasdellibro.com\/wp-content\/uploads\/2025\/05\/IMG_4343-2-1024x576.jpg\" data-width=\"1920\" src=\"https:\/\/i2.wp.com\/lasformasdellibro.com\/wp-content\/uploads\/2025\/05\/IMG_4343-2-1024x576.jpg?resize=1080%2C1080\" data-amp-layout=\"responsive\"\/><\/figure><\/div><div class=\"tiled-gallery__col\"><figure class=\"tiled-gallery__item\"><img decoding=\"async\" srcset=\"https:\/\/i0.wp.com\/lasformasdellibro.com\/wp-content\/uploads\/2025\/05\/IMG_4334-2-1024x576.jpg?resize=600,600&#038;strip=info 600w,https:\/\/i0.wp.com\/lasformasdellibro.com\/wp-content\/uploads\/2025\/05\/IMG_4334-2-1024x576.jpg?resize=900,900&#038;strip=info 900w,https:\/\/i0.wp.com\/lasformasdellibro.com\/wp-content\/uploads\/2025\/05\/IMG_4334-2-1024x576.jpg?resize=1080,1080&#038;strip=info 1080w\" alt=\"\" data-height=\"1080\" data-id=\"1205\" data-link=\"http:\/\/lasformasdellibro.com\/?attachment_id=1205\" data-url=\"http:\/\/lasformasdellibro.com\/wp-content\/uploads\/2025\/05\/IMG_4334-2-1024x576.jpg\" data-width=\"1920\" src=\"https:\/\/i0.wp.com\/lasformasdellibro.com\/wp-content\/uploads\/2025\/05\/IMG_4334-2-1024x576.jpg?resize=1080%2C1080\" data-amp-layout=\"responsive\"\/><\/figure><\/div><\/div><div class=\"tiled-gallery__row columns-3\"><div class=\"tiled-gallery__col\"><figure class=\"tiled-gallery__item\"><img decoding=\"async\" srcset=\"https:\/\/i2.wp.com\/lasformasdellibro.com\/wp-content\/uploads\/2025\/05\/IMG_4336-1024x576.jpg?resize=600,600&#038;strip=info 600w,https:\/\/i2.wp.com\/lasformasdellibro.com\/wp-content\/uploads\/2025\/05\/IMG_4336-1024x576.jpg?resize=900,900&#038;strip=info 900w,https:\/\/i2.wp.com\/lasformasdellibro.com\/wp-content\/uploads\/2025\/05\/IMG_4336-1024x576.jpg?resize=1080,1080&#038;strip=info 1080w\" alt=\"\" data-height=\"1080\" data-id=\"1207\" data-link=\"http:\/\/lasformasdellibro.com\/?attachment_id=1207\" data-url=\"http:\/\/lasformasdellibro.com\/wp-content\/uploads\/2025\/05\/IMG_4336-1024x576.jpg\" data-width=\"1920\" src=\"https:\/\/i2.wp.com\/lasformasdellibro.com\/wp-content\/uploads\/2025\/05\/IMG_4336-1024x576.jpg?resize=1080%2C1080\" data-amp-layout=\"responsive\"\/><\/figure><\/div><div class=\"tiled-gallery__col\"><figure class=\"tiled-gallery__item\"><img decoding=\"async\" srcset=\"https:\/\/i0.wp.com\/lasformasdellibro.com\/wp-content\/uploads\/2025\/05\/IMG_4335-1024x576.jpg?resize=600,600&#038;strip=info 600w,https:\/\/i0.wp.com\/lasformasdellibro.com\/wp-content\/uploads\/2025\/05\/IMG_4335-1024x576.jpg?resize=900,900&#038;strip=info 900w,https:\/\/i0.wp.com\/lasformasdellibro.com\/wp-content\/uploads\/2025\/05\/IMG_4335-1024x576.jpg?resize=1080,1080&#038;strip=info 1080w\" alt=\"\" data-height=\"1080\" data-id=\"1206\" data-link=\"http:\/\/lasformasdellibro.com\/?attachment_id=1206\" data-url=\"http:\/\/lasformasdellibro.com\/wp-content\/uploads\/2025\/05\/IMG_4335-1024x576.jpg\" data-width=\"1920\" src=\"https:\/\/i0.wp.com\/lasformasdellibro.com\/wp-content\/uploads\/2025\/05\/IMG_4335-1024x576.jpg?resize=1080%2C1080\" data-amp-layout=\"responsive\"\/><\/figure><\/div><div class=\"tiled-gallery__col\"><figure class=\"tiled-gallery__item\"><img decoding=\"async\" srcset=\"https:\/\/i0.wp.com\/lasformasdellibro.com\/wp-content\/uploads\/2025\/05\/IMG_4338-1024x576.jpg?resize=600,600&#038;strip=info 600w,https:\/\/i0.wp.com\/lasformasdellibro.com\/wp-content\/uploads\/2025\/05\/IMG_4338-1024x576.jpg?resize=900,900&#038;strip=info 900w,https:\/\/i0.wp.com\/lasformasdellibro.com\/wp-content\/uploads\/2025\/05\/IMG_4338-1024x576.jpg?resize=1080,1080&#038;strip=info 1080w\" alt=\"\" data-height=\"1080\" data-id=\"1209\" data-link=\"http:\/\/lasformasdellibro.com\/?attachment_id=1209\" data-url=\"http:\/\/lasformasdellibro.com\/wp-content\/uploads\/2025\/05\/IMG_4338-1024x576.jpg\" data-width=\"1920\" src=\"https:\/\/i0.wp.com\/lasformasdellibro.com\/wp-content\/uploads\/2025\/05\/IMG_4338-1024x576.jpg?resize=1080%2C1080\" data-amp-layout=\"responsive\"\/><\/figure><\/div><\/div><div class=\"tiled-gallery__row columns-3\"><div class=\"tiled-gallery__col\"><figure class=\"tiled-gallery__item\"><img decoding=\"async\" srcset=\"https:\/\/i0.wp.com\/lasformasdellibro.com\/wp-content\/uploads\/2025\/05\/IMG_4337-1024x576.jpg?resize=600,600&#038;strip=info 600w,https:\/\/i0.wp.com\/lasformasdellibro.com\/wp-content\/uploads\/2025\/05\/IMG_4337-1024x576.jpg?resize=900,900&#038;strip=info 900w,https:\/\/i0.wp.com\/lasformasdellibro.com\/wp-content\/uploads\/2025\/05\/IMG_4337-1024x576.jpg?resize=1080,1080&#038;strip=info 1080w\" alt=\"\" data-height=\"1080\" data-id=\"1208\" data-link=\"http:\/\/lasformasdellibro.com\/?attachment_id=1208\" data-url=\"http:\/\/lasformasdellibro.com\/wp-content\/uploads\/2025\/05\/IMG_4337-1024x576.jpg\" data-width=\"1920\" src=\"https:\/\/i0.wp.com\/lasformasdellibro.com\/wp-content\/uploads\/2025\/05\/IMG_4337-1024x576.jpg?resize=1080%2C1080\" data-amp-layout=\"responsive\"\/><\/figure><\/div><div class=\"tiled-gallery__col\"><figure class=\"tiled-gallery__item\"><img decoding=\"async\" srcset=\"https:\/\/i0.wp.com\/lasformasdellibro.com\/wp-content\/uploads\/2025\/05\/IMG_4339-1024x576.jpg?resize=600,600&#038;strip=info 600w,https:\/\/i0.wp.com\/lasformasdellibro.com\/wp-content\/uploads\/2025\/05\/IMG_4339-1024x576.jpg?resize=900,900&#038;strip=info 900w,https:\/\/i0.wp.com\/lasformasdellibro.com\/wp-content\/uploads\/2025\/05\/IMG_4339-1024x576.jpg?resize=1080,1080&#038;strip=info 1080w\" alt=\"\" data-height=\"1080\" data-id=\"1210\" data-link=\"http:\/\/lasformasdellibro.com\/?attachment_id=1210\" data-url=\"http:\/\/lasformasdellibro.com\/wp-content\/uploads\/2025\/05\/IMG_4339-1024x576.jpg\" data-width=\"1920\" src=\"https:\/\/i0.wp.com\/lasformasdellibro.com\/wp-content\/uploads\/2025\/05\/IMG_4339-1024x576.jpg?resize=1080%2C1080\" data-amp-layout=\"responsive\"\/><\/figure><\/div><div class=\"tiled-gallery__col\"><figure class=\"tiled-gallery__item\"><img decoding=\"async\" srcset=\"https:\/\/i2.wp.com\/lasformasdellibro.com\/wp-content\/uploads\/2025\/05\/IMG_4346-2-1024x576.jpg?resize=600,600&#038;strip=info 600w,https:\/\/i2.wp.com\/lasformasdellibro.com\/wp-content\/uploads\/2025\/05\/IMG_4346-2-1024x576.jpg?resize=900,900&#038;strip=info 900w,https:\/\/i2.wp.com\/lasformasdellibro.com\/wp-content\/uploads\/2025\/05\/IMG_4346-2-1024x576.jpg?resize=1080,1080&#038;strip=info 1080w\" alt=\"\" data-height=\"1080\" data-id=\"1216\" data-link=\"http:\/\/lasformasdellibro.com\/?attachment_id=1216\" data-url=\"http:\/\/lasformasdellibro.com\/wp-content\/uploads\/2025\/05\/IMG_4346-2-1024x576.jpg\" data-width=\"1920\" src=\"https:\/\/i2.wp.com\/lasformasdellibro.com\/wp-content\/uploads\/2025\/05\/IMG_4346-2-1024x576.jpg?resize=1080%2C1080\" data-amp-layout=\"responsive\"\/><\/figure><\/div><\/div><div class=\"tiled-gallery__row columns-3\"><div class=\"tiled-gallery__col\"><figure class=\"tiled-gallery__item\"><img decoding=\"async\" srcset=\"https:\/\/i1.wp.com\/lasformasdellibro.com\/wp-content\/uploads\/2025\/05\/IMG_4344-1024x576.jpg?resize=600,600&#038;strip=info 600w,https:\/\/i1.wp.com\/lasformasdellibro.com\/wp-content\/uploads\/2025\/05\/IMG_4344-1024x576.jpg?resize=900,900&#038;strip=info 900w,https:\/\/i1.wp.com\/lasformasdellibro.com\/wp-content\/uploads\/2025\/05\/IMG_4344-1024x576.jpg?resize=1080,1080&#038;strip=info 1080w\" alt=\"\" data-height=\"1080\" data-id=\"1214\" data-link=\"http:\/\/lasformasdellibro.com\/?attachment_id=1214\" data-url=\"http:\/\/lasformasdellibro.com\/wp-content\/uploads\/2025\/05\/IMG_4344-1024x576.jpg\" data-width=\"1920\" src=\"https:\/\/i1.wp.com\/lasformasdellibro.com\/wp-content\/uploads\/2025\/05\/IMG_4344-1024x576.jpg?resize=1080%2C1080\" data-amp-layout=\"responsive\"\/><\/figure><\/div><div class=\"tiled-gallery__col\"><figure class=\"tiled-gallery__item\"><img decoding=\"async\" srcset=\"https:\/\/i1.wp.com\/lasformasdellibro.com\/wp-content\/uploads\/2025\/05\/IMG_4345-2-1024x576.jpg?resize=600,600&#038;strip=info 600w,https:\/\/i1.wp.com\/lasformasdellibro.com\/wp-content\/uploads\/2025\/05\/IMG_4345-2-1024x576.jpg?resize=900,900&#038;strip=info 900w,https:\/\/i1.wp.com\/lasformasdellibro.com\/wp-content\/uploads\/2025\/05\/IMG_4345-2-1024x576.jpg?resize=1080,1080&#038;strip=info 1080w\" alt=\"\" data-height=\"1080\" data-id=\"1215\" data-link=\"http:\/\/lasformasdellibro.com\/?attachment_id=1215\" data-url=\"http:\/\/lasformasdellibro.com\/wp-content\/uploads\/2025\/05\/IMG_4345-2-1024x576.jpg\" data-width=\"1920\" src=\"https:\/\/i1.wp.com\/lasformasdellibro.com\/wp-content\/uploads\/2025\/05\/IMG_4345-2-1024x576.jpg?resize=1080%2C1080\" data-amp-layout=\"responsive\"\/><\/figure><\/div><div class=\"tiled-gallery__col\"><figure class=\"tiled-gallery__item\"><img decoding=\"async\" srcset=\"https:\/\/i1.wp.com\/lasformasdellibro.com\/wp-content\/uploads\/2025\/05\/IMG_4342-2-1024x576.jpg?resize=600,600&#038;strip=info 600w,https:\/\/i1.wp.com\/lasformasdellibro.com\/wp-content\/uploads\/2025\/05\/IMG_4342-2-1024x576.jpg?resize=900,900&#038;strip=info 900w,https:\/\/i1.wp.com\/lasformasdellibro.com\/wp-content\/uploads\/2025\/05\/IMG_4342-2-1024x576.jpg?resize=1080,1080&#038;strip=info 1080w\" alt=\"\" data-height=\"1080\" data-id=\"1212\" data-link=\"http:\/\/lasformasdellibro.com\/?attachment_id=1212\" data-url=\"http:\/\/lasformasdellibro.com\/wp-content\/uploads\/2025\/05\/IMG_4342-2-1024x576.jpg\" data-width=\"1920\" src=\"https:\/\/i1.wp.com\/lasformasdellibro.com\/wp-content\/uploads\/2025\/05\/IMG_4342-2-1024x576.jpg?resize=1080%2C1080\" data-amp-layout=\"responsive\"\/><\/figure><\/div><\/div><\/div><\/div>\n","protected":false},"excerpt":{"rendered":"<p>El universo de Pedro Juan Guti\u00e9rrez se forj\u00f3 con literatura y periodismo. En conversaci\u00f3n con Ra\u00fal Cazal en Las formas del libro se pasearon por su narrativa, poes\u00eda, pl\u00e1stica y la cr\u00f3nica de una \u00e9poca construida con ficci\u00f3n<\/p>\n","protected":false},"featured_media":1201,"comment_status":"open","ping_status":"closed","template":"","video-type":[4],"video-genres":[],"video-category":[27],"video-cast":[],"video-director":[],"yoast_head":"<!-- This site is optimized with the Yoast SEO plugin v20.6 - https:\/\/yoast.com\/wordpress\/plugins\/seo\/ -->\n<title>Pedro Juan Guti\u00e9rrez | Las formas del libro<\/title>\n<meta name=\"description\" content=\"El universo de Pedro Juan Guti\u00e9rrez se forj\u00f3 con literatura y periodismo. En conversaci\u00f3n con Ra\u00fal Cazal en Las formas del libro se pasearon por su narrativa, poes\u00eda, pl\u00e1stica y la cr\u00f3nica de una \u00e9poca construida con ficci\u00f3n.\" \/>\n<meta name=\"robots\" content=\"index, follow, max-snippet:-1, max-image-preview:large, max-video-preview:-1\" \/>\n<link rel=\"canonical\" href=\"http:\/\/lasformasdellibro.com\/?video_skrn=pedro-juan-gutierrez\" \/>\n<meta property=\"og:locale\" content=\"es_ES\" \/>\n<meta property=\"og:type\" content=\"article\" \/>\n<meta property=\"og:title\" content=\"Pedro Juan Guti\u00e9rrez | Las formas del libro | Episodio 54\" \/>\n<meta property=\"og:description\" content=\"El universo de Pedro Juan Guti\u00e9rrez se forj\u00f3 con literatura y periodismo. En conversaci\u00f3n con Ra\u00fal Cazal en Las formas del libro se pasearon por su narrativa, poes\u00eda, pl\u00e1stica y la cr\u00f3nica de una \u00e9poca construida con ficci\u00f3n.\" \/>\n<meta property=\"og:url\" content=\"http:\/\/lasformasdellibro.com\/?video_skrn=pedro-juan-gutierrez\" \/>\n<meta property=\"og:site_name\" content=\"Las formas del libro\" \/>\n<meta property=\"article:publisher\" content=\"https:\/\/www.facebook.com\/Las-formas-del-libro-102317785840531\" \/>\n<meta property=\"article:modified_time\" content=\"2025-07-14T17:16:21+00:00\" \/>\n<meta property=\"og:image\" content=\"http:\/\/lasformasdellibro.com\/wp-content\/uploads\/2025\/05\/Pedro-Juan-Gutie\u0301rrez-YT.jpg\" \/>\n\t<meta property=\"og:image:width\" content=\"1280\" \/>\n\t<meta property=\"og:image:height\" content=\"720\" \/>\n\t<meta property=\"og:image:type\" content=\"image\/jpeg\" \/>\n<meta name=\"twitter:card\" content=\"summary_large_image\" \/>\n<meta name=\"twitter:title\" content=\"Pedro Juan Guti\u00e9rrez | Las formas del libro | Episodio 54\" \/>\n<meta name=\"twitter:description\" content=\"El universo de Pedro Juan Guti\u00e9rrez se forj\u00f3 con literatura y periodismo. En conversaci\u00f3n con Ra\u00fal Cazal en Las formas del libro se pasearon por su narrativa, poes\u00eda, pl\u00e1stica y la cr\u00f3nica de una \u00e9poca construida con ficci\u00f3n.\" \/>\n<meta name=\"twitter:image\" content=\"http:\/\/lasformasdellibro.com\/wp-content\/uploads\/2025\/05\/Pedro-Juan-Gutie\u0301rrez-YT.jpg\" \/>\n<meta name=\"twitter:site\" content=\"@formasdel_libro\" \/>\n<meta name=\"twitter:label1\" content=\"Tiempo de lectura\" \/>\n\t<meta name=\"twitter:data1\" content=\"3 minutos\" \/>\n<script type=\"application\/ld+json\" class=\"yoast-schema-graph\">{\"@context\":\"https:\/\/schema.org\",\"@graph\":[{\"@type\":\"WebPage\",\"@id\":\"http:\/\/lasformasdellibro.com\/?video_skrn=pedro-juan-gutierrez\",\"url\":\"http:\/\/lasformasdellibro.com\/?video_skrn=pedro-juan-gutierrez\",\"name\":\"Pedro Juan Guti\u00e9rrez | Las formas del libro\",\"isPartOf\":{\"@id\":\"http:\/\/lasformasdellibro.com\/#website\"},\"datePublished\":\"2025-05-14T14:00:00+00:00\",\"dateModified\":\"2025-07-14T17:16:21+00:00\",\"description\":\"El universo de Pedro Juan Guti\u00e9rrez se forj\u00f3 con literatura y periodismo. En conversaci\u00f3n con Ra\u00fal Cazal en Las formas del libro se pasearon por su narrativa, poes\u00eda, pl\u00e1stica y la cr\u00f3nica de una \u00e9poca construida con ficci\u00f3n.\",\"breadcrumb\":{\"@id\":\"http:\/\/lasformasdellibro.com\/?video_skrn=pedro-juan-gutierrez#breadcrumb\"},\"inLanguage\":\"es\",\"potentialAction\":[{\"@type\":\"ReadAction\",\"target\":[\"http:\/\/lasformasdellibro.com\/?video_skrn=pedro-juan-gutierrez\"]}]},{\"@type\":\"BreadcrumbList\",\"@id\":\"http:\/\/lasformasdellibro.com\/?video_skrn=pedro-juan-gutierrez#breadcrumb\",\"itemListElement\":[{\"@type\":\"ListItem\",\"position\":1,\"name\":\"Home\",\"item\":\"http:\/\/lasformasdellibro.com\/\"},{\"@type\":\"ListItem\",\"position\":2,\"name\":\"Videos\",\"item\":\"http:\/\/lasformasdellibro.com\/?post_type=video_skrn\"},{\"@type\":\"ListItem\",\"position\":3,\"name\":\"Pedro Juan Guti\u00e9rrez\"}]},{\"@type\":\"WebSite\",\"@id\":\"http:\/\/lasformasdellibro.com\/#website\",\"url\":\"http:\/\/lasformasdellibro.com\/\",\"name\":\"Las formas del libro\",\"description\":\"Leer para conversar, pensar, analizar, reflexionar, vivir. Dirigido y conducido por Ra\u00fal Cazal. Una producci\u00f3n del Centro Nacional del Libro\u00a0de\u00a0Venezuela.\",\"publisher\":{\"@id\":\"http:\/\/lasformasdellibro.com\/#organization\"},\"potentialAction\":[{\"@type\":\"SearchAction\",\"target\":{\"@type\":\"EntryPoint\",\"urlTemplate\":\"http:\/\/lasformasdellibro.com\/?s={search_term_string}\"},\"query-input\":\"required name=search_term_string\"}],\"inLanguage\":\"es\"},{\"@type\":\"Organization\",\"@id\":\"http:\/\/lasformasdellibro.com\/#organization\",\"name\":\"Las formas del libro\",\"url\":\"http:\/\/lasformasdellibro.com\/\",\"logo\":{\"@type\":\"ImageObject\",\"inLanguage\":\"es\",\"@id\":\"http:\/\/lasformasdellibro.com\/#\/schema\/logo\/image\/\",\"url\":\"http:\/\/lasformasdellibro.com\/wp-content\/uploads\/2023\/01\/Las-formas-del-libro-01.png\",\"contentUrl\":\"http:\/\/lasformasdellibro.com\/wp-content\/uploads\/2023\/01\/Las-formas-del-libro-01.png\",\"width\":1244,\"height\":309,\"caption\":\"Las formas del libro\"},\"image\":{\"@id\":\"http:\/\/lasformasdellibro.com\/#\/schema\/logo\/image\/\"},\"sameAs\":[\"https:\/\/www.facebook.com\/Las-formas-del-libro-102317785840531\",\"https:\/\/twitter.com\/formasdel_libro\",\"http:\/\/www.instagram.com\/formasdel_libro\",\"https:\/\/www.youtube.com\/@lasformasdellibro\",\"https:\/\/t.me\/lasformasdellibro\"]}]}<\/script>\n<!-- \/ Yoast SEO plugin. -->","yoast_head_json":{"title":"Pedro Juan Guti\u00e9rrez | Las formas del libro","description":"El universo de Pedro Juan Guti\u00e9rrez se forj\u00f3 con literatura y periodismo. En conversaci\u00f3n con Ra\u00fal Cazal en Las formas del libro se pasearon por su narrativa, poes\u00eda, pl\u00e1stica y la cr\u00f3nica de una \u00e9poca construida con ficci\u00f3n.","robots":{"index":"index","follow":"follow","max-snippet":"max-snippet:-1","max-image-preview":"max-image-preview:large","max-video-preview":"max-video-preview:-1"},"canonical":"http:\/\/lasformasdellibro.com\/?video_skrn=pedro-juan-gutierrez","og_locale":"es_ES","og_type":"article","og_title":"Pedro Juan Guti\u00e9rrez | Las formas del libro | Episodio 54","og_description":"El universo de Pedro Juan Guti\u00e9rrez se forj\u00f3 con literatura y periodismo. En conversaci\u00f3n con Ra\u00fal Cazal en Las formas del libro se pasearon por su narrativa, poes\u00eda, pl\u00e1stica y la cr\u00f3nica de una \u00e9poca construida con ficci\u00f3n.","og_url":"http:\/\/lasformasdellibro.com\/?video_skrn=pedro-juan-gutierrez","og_site_name":"Las formas del libro","article_publisher":"https:\/\/www.facebook.com\/Las-formas-del-libro-102317785840531","article_modified_time":"2025-07-14T17:16:21+00:00","og_image":[{"width":1280,"height":720,"url":"http:\/\/lasformasdellibro.com\/wp-content\/uploads\/2025\/05\/Pedro-Juan-Gutie\u0301rrez-YT.jpg","type":"image\/jpeg"}],"twitter_card":"summary_large_image","twitter_title":"Pedro Juan Guti\u00e9rrez | Las formas del libro | Episodio 54","twitter_description":"El universo de Pedro Juan Guti\u00e9rrez se forj\u00f3 con literatura y periodismo. En conversaci\u00f3n con Ra\u00fal Cazal en Las formas del libro se pasearon por su narrativa, poes\u00eda, pl\u00e1stica y la cr\u00f3nica de una \u00e9poca construida con ficci\u00f3n.","twitter_image":"http:\/\/lasformasdellibro.com\/wp-content\/uploads\/2025\/05\/Pedro-Juan-Gutie\u0301rrez-YT.jpg","twitter_site":"@formasdel_libro","twitter_misc":{"Tiempo de lectura":"3 minutos"},"schema":{"@context":"https:\/\/schema.org","@graph":[{"@type":"WebPage","@id":"http:\/\/lasformasdellibro.com\/?video_skrn=pedro-juan-gutierrez","url":"http:\/\/lasformasdellibro.com\/?video_skrn=pedro-juan-gutierrez","name":"Pedro Juan Guti\u00e9rrez | Las formas del libro","isPartOf":{"@id":"http:\/\/lasformasdellibro.com\/#website"},"datePublished":"2025-05-14T14:00:00+00:00","dateModified":"2025-07-14T17:16:21+00:00","description":"El universo de Pedro Juan Guti\u00e9rrez se forj\u00f3 con literatura y periodismo. En conversaci\u00f3n con Ra\u00fal Cazal en Las formas del libro se pasearon por su narrativa, poes\u00eda, pl\u00e1stica y la cr\u00f3nica de una \u00e9poca construida con ficci\u00f3n.","breadcrumb":{"@id":"http:\/\/lasformasdellibro.com\/?video_skrn=pedro-juan-gutierrez#breadcrumb"},"inLanguage":"es","potentialAction":[{"@type":"ReadAction","target":["http:\/\/lasformasdellibro.com\/?video_skrn=pedro-juan-gutierrez"]}]},{"@type":"BreadcrumbList","@id":"http:\/\/lasformasdellibro.com\/?video_skrn=pedro-juan-gutierrez#breadcrumb","itemListElement":[{"@type":"ListItem","position":1,"name":"Home","item":"http:\/\/lasformasdellibro.com\/"},{"@type":"ListItem","position":2,"name":"Videos","item":"http:\/\/lasformasdellibro.com\/?post_type=video_skrn"},{"@type":"ListItem","position":3,"name":"Pedro Juan Guti\u00e9rrez"}]},{"@type":"WebSite","@id":"http:\/\/lasformasdellibro.com\/#website","url":"http:\/\/lasformasdellibro.com\/","name":"Las formas del libro","description":"Leer para conversar, pensar, analizar, reflexionar, vivir. Dirigido y conducido por Ra\u00fal Cazal. Una producci\u00f3n del Centro Nacional del Libro\u00a0de\u00a0Venezuela.","publisher":{"@id":"http:\/\/lasformasdellibro.com\/#organization"},"potentialAction":[{"@type":"SearchAction","target":{"@type":"EntryPoint","urlTemplate":"http:\/\/lasformasdellibro.com\/?s={search_term_string}"},"query-input":"required name=search_term_string"}],"inLanguage":"es"},{"@type":"Organization","@id":"http:\/\/lasformasdellibro.com\/#organization","name":"Las formas del libro","url":"http:\/\/lasformasdellibro.com\/","logo":{"@type":"ImageObject","inLanguage":"es","@id":"http:\/\/lasformasdellibro.com\/#\/schema\/logo\/image\/","url":"http:\/\/lasformasdellibro.com\/wp-content\/uploads\/2023\/01\/Las-formas-del-libro-01.png","contentUrl":"http:\/\/lasformasdellibro.com\/wp-content\/uploads\/2023\/01\/Las-formas-del-libro-01.png","width":1244,"height":309,"caption":"Las formas del libro"},"image":{"@id":"http:\/\/lasformasdellibro.com\/#\/schema\/logo\/image\/"},"sameAs":["https:\/\/www.facebook.com\/Las-formas-del-libro-102317785840531","https:\/\/twitter.com\/formasdel_libro","http:\/\/www.instagram.com\/formasdel_libro","https:\/\/www.youtube.com\/@lasformasdellibro","https:\/\/t.me\/lasformasdellibro"]}]}},"_links":{"self":[{"href":"http:\/\/lasformasdellibro.com\/index.php?rest_route=\/wp\/v2\/video_skrn\/1200"}],"collection":[{"href":"http:\/\/lasformasdellibro.com\/index.php?rest_route=\/wp\/v2\/video_skrn"}],"about":[{"href":"http:\/\/lasformasdellibro.com\/index.php?rest_route=\/wp\/v2\/types\/video_skrn"}],"replies":[{"embeddable":true,"href":"http:\/\/lasformasdellibro.com\/index.php?rest_route=%2Fwp%2Fv2%2Fcomments&post=1200"}],"wp:featuredmedia":[{"embeddable":true,"href":"http:\/\/lasformasdellibro.com\/index.php?rest_route=\/wp\/v2\/media\/1201"}],"wp:attachment":[{"href":"http:\/\/lasformasdellibro.com\/index.php?rest_route=%2Fwp%2Fv2%2Fmedia&parent=1200"}],"wp:term":[{"taxonomy":"video-type","embeddable":true,"href":"http:\/\/lasformasdellibro.com\/index.php?rest_route=%2Fwp%2Fv2%2Fvideo-type&post=1200"},{"taxonomy":"video-genres","embeddable":true,"href":"http:\/\/lasformasdellibro.com\/index.php?rest_route=%2Fwp%2Fv2%2Fvideo-genres&post=1200"},{"taxonomy":"video-category","embeddable":true,"href":"http:\/\/lasformasdellibro.com\/index.php?rest_route=%2Fwp%2Fv2%2Fvideo-category&post=1200"},{"taxonomy":"video-cast","embeddable":true,"href":"http:\/\/lasformasdellibro.com\/index.php?rest_route=%2Fwp%2Fv2%2Fvideo-cast&post=1200"},{"taxonomy":"video-director","embeddable":true,"href":"http:\/\/lasformasdellibro.com\/index.php?rest_route=%2Fwp%2Fv2%2Fvideo-director&post=1200"}],"curies":[{"name":"wp","href":"https:\/\/api.w.org\/{rel}","templated":true}]}}