{"id":662,"date":"2023-01-16T10:00:00","date_gmt":"2023-01-16T14:00:00","guid":{"rendered":"http:\/\/localhost\/videoteca\/?post_type=video_skrn&#038;p=662"},"modified":"2025-02-28T18:10:37","modified_gmt":"2025-02-28T22:10:37","slug":"tarek-william-saab","status":"publish","type":"video_skrn","link":"http:\/\/lasformasdellibro.com\/?video_skrn=tarek-william-saab","title":{"rendered":"Tarek William Saab"},"content":{"rendered":"\n<p>El \u201cPoeta de la Revoluci\u00f3n\u201d, como lo bautiz\u00f3 Hugo Ch\u00e1vez, es Fiscal General de la Rep\u00fablica Bolivariana de Venezuela. Ha sido diputado, gobernador, pero por sobre todo es un poeta. En Las formas del libro Tarek William Saab conversa con Ra\u00fal Cazal sobre sus fracasos y las altas cimas que fueron el camino para la construcci\u00f3n de su voz po\u00e9tica.<\/p>\n\n\n\n<p><strong>Las formas del libro | Episodio 21<br><\/strong><em>16 ene 2023<br><\/em>Direcci\u00f3n y conducci\u00f3n: Ra\u00fal Cazal <br>Producci\u00f3n, gui\u00f3n y edici\u00f3n: Susana Segovia Gana<br>Fotograf\u00eda y sonido: Juan Castillo<br>C\u00e1maras: Emiliana Cazal G\u00f3mez, Karel Mikhail Garc\u00eda y Eduardo Rodr\u00edguez. <br>M\u00fasica: Pedro Mar\u00edn. <br>Tema del episodio: \u201cLa ley del rock\u201d<br>Fotofija: Gabriela Materano <br>Agradecimientos: Fundaci\u00f3n Museos Nacionales. Museo de la Estampa y el Dise\u00f1o Carlos Cruz Diez. Muestra expositiva: <em>En Concreto<\/em>, de Guillermo Felizola, y <em>Po\u00e9tica del Cuerpo<\/em>, de Maigualida Espinoza<br>Una producci\u00f3n del Ministerio del Poder Popular para la Cultura y el Centro Nacional del Libro de Venezuela.<\/p>\n\n\n\n<figure class=\"wp-block-gallery has-nested-images columns-default is-cropped wp-block-gallery-1 is-layout-flex\">\n<figure class=\"wp-block-image size-large\"><a href=\"http:\/\/lasformasdellibro.com\/wp-content\/uploads\/2023\/01\/photo_2023-01-11_11-45-37.jpg\"><img decoding=\"async\" loading=\"lazy\" width=\"1024\" height=\"682\" data-id=\"1179\"  src=\"http:\/\/lasformasdellibro.com\/wp-content\/uploads\/2023\/01\/photo_2023-01-11_11-45-37-1024x682.jpg\" alt=\"\" class=\"wp-image-1179\" srcset=\"http:\/\/lasformasdellibro.com\/wp-content\/uploads\/2023\/01\/photo_2023-01-11_11-45-37-1024x682.jpg 1024w, http:\/\/lasformasdellibro.com\/wp-content\/uploads\/2023\/01\/photo_2023-01-11_11-45-37-300x200.jpg 300w, http:\/\/lasformasdellibro.com\/wp-content\/uploads\/2023\/01\/photo_2023-01-11_11-45-37-768x512.jpg 768w, http:\/\/lasformasdellibro.com\/wp-content\/uploads\/2023\/01\/photo_2023-01-11_11-45-37-640x427.jpg 640w, http:\/\/lasformasdellibro.com\/wp-content\/uploads\/2023\/01\/photo_2023-01-11_11-45-37.jpg 1280w\" sizes=\"(max-width: 1024px) 100vw, 1024px\" \/><\/a><\/figure>\n\n\n\n<figure class=\"wp-block-image size-large\"><a href=\"http:\/\/lasformasdellibro.com\/wp-content\/uploads\/2023\/01\/photo_2023-01-11_11-45-36.jpg\"><img decoding=\"async\" loading=\"lazy\" width=\"1024\" height=\"682\" data-id=\"1177\"  src=\"http:\/\/lasformasdellibro.com\/wp-content\/uploads\/2023\/01\/photo_2023-01-11_11-45-36-1024x682.jpg\" alt=\"\" class=\"wp-image-1177\" srcset=\"http:\/\/lasformasdellibro.com\/wp-content\/uploads\/2023\/01\/photo_2023-01-11_11-45-36-1024x682.jpg 1024w, http:\/\/lasformasdellibro.com\/wp-content\/uploads\/2023\/01\/photo_2023-01-11_11-45-36-300x200.jpg 300w, http:\/\/lasformasdellibro.com\/wp-content\/uploads\/2023\/01\/photo_2023-01-11_11-45-36-768x512.jpg 768w, http:\/\/lasformasdellibro.com\/wp-content\/uploads\/2023\/01\/photo_2023-01-11_11-45-36-640x427.jpg 640w, http:\/\/lasformasdellibro.com\/wp-content\/uploads\/2023\/01\/photo_2023-01-11_11-45-36.jpg 1280w\" sizes=\"(max-width: 1024px) 100vw, 1024px\" \/><\/a><\/figure>\n\n\n\n<figure class=\"wp-block-image size-large\"><a href=\"http:\/\/lasformasdellibro.com\/wp-content\/uploads\/2023\/01\/photo_2023-01-11_11-45-09.jpg\"><img decoding=\"async\" loading=\"lazy\" width=\"1024\" height=\"682\" data-id=\"1172\"  src=\"http:\/\/lasformasdellibro.com\/wp-content\/uploads\/2023\/01\/photo_2023-01-11_11-45-09-1024x682.jpg\" alt=\"\" class=\"wp-image-1172\" srcset=\"http:\/\/lasformasdellibro.com\/wp-content\/uploads\/2023\/01\/photo_2023-01-11_11-45-09-1024x682.jpg 1024w, http:\/\/lasformasdellibro.com\/wp-content\/uploads\/2023\/01\/photo_2023-01-11_11-45-09-300x200.jpg 300w, http:\/\/lasformasdellibro.com\/wp-content\/uploads\/2023\/01\/photo_2023-01-11_11-45-09-768x512.jpg 768w, http:\/\/lasformasdellibro.com\/wp-content\/uploads\/2023\/01\/photo_2023-01-11_11-45-09-640x427.jpg 640w, http:\/\/lasformasdellibro.com\/wp-content\/uploads\/2023\/01\/photo_2023-01-11_11-45-09.jpg 1280w\" sizes=\"(max-width: 1024px) 100vw, 1024px\" \/><\/a><\/figure>\n\n\n\n<figure class=\"wp-block-image size-large\"><a href=\"http:\/\/lasformasdellibro.com\/wp-content\/uploads\/2023\/01\/photo_2023-01-11_11-45-23.jpg\"><img decoding=\"async\" loading=\"lazy\" width=\"1024\" height=\"682\" data-id=\"1176\"  src=\"http:\/\/lasformasdellibro.com\/wp-content\/uploads\/2023\/01\/photo_2023-01-11_11-45-23-1024x682.jpg\" alt=\"\" class=\"wp-image-1176\" srcset=\"http:\/\/lasformasdellibro.com\/wp-content\/uploads\/2023\/01\/photo_2023-01-11_11-45-23-1024x682.jpg 1024w, http:\/\/lasformasdellibro.com\/wp-content\/uploads\/2023\/01\/photo_2023-01-11_11-45-23-300x200.jpg 300w, http:\/\/lasformasdellibro.com\/wp-content\/uploads\/2023\/01\/photo_2023-01-11_11-45-23-768x512.jpg 768w, http:\/\/lasformasdellibro.com\/wp-content\/uploads\/2023\/01\/photo_2023-01-11_11-45-23-640x427.jpg 640w, http:\/\/lasformasdellibro.com\/wp-content\/uploads\/2023\/01\/photo_2023-01-11_11-45-23.jpg 1280w\" sizes=\"(max-width: 1024px) 100vw, 1024px\" \/><\/a><\/figure>\n\n\n\n<figure class=\"wp-block-image size-large\"><a href=\"http:\/\/lasformasdellibro.com\/wp-content\/uploads\/2023\/01\/photo_2023-01-11_11-45-12.jpg\"><img decoding=\"async\" loading=\"lazy\" width=\"1024\" height=\"682\" data-id=\"1173\"  src=\"http:\/\/lasformasdellibro.com\/wp-content\/uploads\/2023\/01\/photo_2023-01-11_11-45-12-1024x682.jpg\" alt=\"\" class=\"wp-image-1173\" srcset=\"http:\/\/lasformasdellibro.com\/wp-content\/uploads\/2023\/01\/photo_2023-01-11_11-45-12-1024x682.jpg 1024w, http:\/\/lasformasdellibro.com\/wp-content\/uploads\/2023\/01\/photo_2023-01-11_11-45-12-300x200.jpg 300w, http:\/\/lasformasdellibro.com\/wp-content\/uploads\/2023\/01\/photo_2023-01-11_11-45-12-768x512.jpg 768w, http:\/\/lasformasdellibro.com\/wp-content\/uploads\/2023\/01\/photo_2023-01-11_11-45-12-640x427.jpg 640w, http:\/\/lasformasdellibro.com\/wp-content\/uploads\/2023\/01\/photo_2023-01-11_11-45-12.jpg 1280w\" sizes=\"(max-width: 1024px) 100vw, 1024px\" \/><\/a><\/figure>\n\n\n\n<figure class=\"wp-block-image size-large\"><a href=\"http:\/\/lasformasdellibro.com\/wp-content\/uploads\/2023\/01\/photo_2023-01-11_11-45-18.jpg\"><img decoding=\"async\" loading=\"lazy\" width=\"1024\" height=\"682\" data-id=\"1175\"  src=\"http:\/\/lasformasdellibro.com\/wp-content\/uploads\/2023\/01\/photo_2023-01-11_11-45-18-1024x682.jpg\" alt=\"\" class=\"wp-image-1175\" srcset=\"http:\/\/lasformasdellibro.com\/wp-content\/uploads\/2023\/01\/photo_2023-01-11_11-45-18-1024x682.jpg 1024w, http:\/\/lasformasdellibro.com\/wp-content\/uploads\/2023\/01\/photo_2023-01-11_11-45-18-300x200.jpg 300w, http:\/\/lasformasdellibro.com\/wp-content\/uploads\/2023\/01\/photo_2023-01-11_11-45-18-768x512.jpg 768w, http:\/\/lasformasdellibro.com\/wp-content\/uploads\/2023\/01\/photo_2023-01-11_11-45-18-640x427.jpg 640w, http:\/\/lasformasdellibro.com\/wp-content\/uploads\/2023\/01\/photo_2023-01-11_11-45-18.jpg 1280w\" sizes=\"(max-width: 1024px) 100vw, 1024px\" \/><\/a><\/figure>\n\n\n\n<figure class=\"wp-block-image size-large\"><a href=\"http:\/\/lasformasdellibro.com\/wp-content\/uploads\/2023\/01\/photo_2023-01-11_11-45-16.jpg\"><img decoding=\"async\" loading=\"lazy\" width=\"1024\" height=\"682\" data-id=\"1174\"  src=\"http:\/\/lasformasdellibro.com\/wp-content\/uploads\/2023\/01\/photo_2023-01-11_11-45-16-1024x682.jpg\" alt=\"\" class=\"wp-image-1174\" srcset=\"http:\/\/lasformasdellibro.com\/wp-content\/uploads\/2023\/01\/photo_2023-01-11_11-45-16-1024x682.jpg 1024w, http:\/\/lasformasdellibro.com\/wp-content\/uploads\/2023\/01\/photo_2023-01-11_11-45-16-300x200.jpg 300w, http:\/\/lasformasdellibro.com\/wp-content\/uploads\/2023\/01\/photo_2023-01-11_11-45-16-768x512.jpg 768w, http:\/\/lasformasdellibro.com\/wp-content\/uploads\/2023\/01\/photo_2023-01-11_11-45-16-640x427.jpg 640w, http:\/\/lasformasdellibro.com\/wp-content\/uploads\/2023\/01\/photo_2023-01-11_11-45-16.jpg 1280w\" sizes=\"(max-width: 1024px) 100vw, 1024px\" \/><\/a><\/figure>\n\n\n\n<figure class=\"wp-block-image size-large\"><a href=\"http:\/\/lasformasdellibro.com\/wp-content\/uploads\/2023\/01\/photo_2023-01-11_11-45-08.jpg\"><img decoding=\"async\" loading=\"lazy\" width=\"1024\" height=\"682\" data-id=\"1170\"  src=\"http:\/\/lasformasdellibro.com\/wp-content\/uploads\/2023\/01\/photo_2023-01-11_11-45-08-1024x682.jpg\" alt=\"\" class=\"wp-image-1170\" srcset=\"http:\/\/lasformasdellibro.com\/wp-content\/uploads\/2023\/01\/photo_2023-01-11_11-45-08-1024x682.jpg 1024w, http:\/\/lasformasdellibro.com\/wp-content\/uploads\/2023\/01\/photo_2023-01-11_11-45-08-300x200.jpg 300w, http:\/\/lasformasdellibro.com\/wp-content\/uploads\/2023\/01\/photo_2023-01-11_11-45-08-768x512.jpg 768w, http:\/\/lasformasdellibro.com\/wp-content\/uploads\/2023\/01\/photo_2023-01-11_11-45-08-640x427.jpg 640w, http:\/\/lasformasdellibro.com\/wp-content\/uploads\/2023\/01\/photo_2023-01-11_11-45-08.jpg 1280w\" sizes=\"(max-width: 1024px) 100vw, 1024px\" \/><\/a><\/figure>\n\n\n\n<figure class=\"wp-block-image size-large\"><a href=\"http:\/\/lasformasdellibro.com\/wp-content\/uploads\/2023\/01\/photo_2023-01-11_11-45-09-2.jpg\"><img decoding=\"async\" loading=\"lazy\" width=\"1024\" height=\"682\" data-id=\"1171\"  src=\"http:\/\/lasformasdellibro.com\/wp-content\/uploads\/2023\/01\/photo_2023-01-11_11-45-09-2-1024x682.jpg\" alt=\"\" class=\"wp-image-1171\" srcset=\"http:\/\/lasformasdellibro.com\/wp-content\/uploads\/2023\/01\/photo_2023-01-11_11-45-09-2-1024x682.jpg 1024w, http:\/\/lasformasdellibro.com\/wp-content\/uploads\/2023\/01\/photo_2023-01-11_11-45-09-2-300x200.jpg 300w, http:\/\/lasformasdellibro.com\/wp-content\/uploads\/2023\/01\/photo_2023-01-11_11-45-09-2-768x512.jpg 768w, http:\/\/lasformasdellibro.com\/wp-content\/uploads\/2023\/01\/photo_2023-01-11_11-45-09-2-640x427.jpg 640w, http:\/\/lasformasdellibro.com\/wp-content\/uploads\/2023\/01\/photo_2023-01-11_11-45-09-2.jpg 1280w\" sizes=\"(max-width: 1024px) 100vw, 1024px\" \/><\/a><\/figure>\n\n\n\n<figure class=\"wp-block-image size-large\"><a href=\"http:\/\/lasformasdellibro.com\/wp-content\/uploads\/2023\/01\/photo_2023-01-11_11-45-06.jpg\"><img decoding=\"async\" loading=\"lazy\" width=\"1024\" height=\"682\" data-id=\"1169\"  src=\"http:\/\/lasformasdellibro.com\/wp-content\/uploads\/2023\/01\/photo_2023-01-11_11-45-06-1024x682.jpg\" alt=\"\" class=\"wp-image-1169\" srcset=\"http:\/\/lasformasdellibro.com\/wp-content\/uploads\/2023\/01\/photo_2023-01-11_11-45-06-1024x682.jpg 1024w, http:\/\/lasformasdellibro.com\/wp-content\/uploads\/2023\/01\/photo_2023-01-11_11-45-06-300x200.jpg 300w, http:\/\/lasformasdellibro.com\/wp-content\/uploads\/2023\/01\/photo_2023-01-11_11-45-06-768x512.jpg 768w, http:\/\/lasformasdellibro.com\/wp-content\/uploads\/2023\/01\/photo_2023-01-11_11-45-06-640x427.jpg 640w, http:\/\/lasformasdellibro.com\/wp-content\/uploads\/2023\/01\/photo_2023-01-11_11-45-06.jpg 1280w\" sizes=\"(max-width: 1024px) 100vw, 1024px\" \/><\/a><\/figure>\n<\/figure>\n","protected":false},"excerpt":{"rendered":"<p>El \u201cPoeta de la Revoluci\u00f3n\u201d, como lo bautiz\u00f3 Hugo Ch\u00e1vez, es Fiscal General de la Rep\u00fablica Bolivariana de Venezuela. Ha sido diputado, gobernador, pero por sobre todo es un poeta. En Las formas del libro Tarek William Saab conversa con Ra\u00fal Cazal sobre sus fracasos y las altas cimas que fueron el camino para la construcci\u00f3n de su voz po\u00e9tica.<\/p>\n","protected":false},"featured_media":801,"comment_status":"open","ping_status":"closed","template":"","video-type":[4],"video-genres":[],"video-category":[27],"video-cast":[],"video-director":[],"yoast_head":"<!-- This site is optimized with the Yoast SEO plugin v20.6 - https:\/\/yoast.com\/wordpress\/plugins\/seo\/ -->\n<title>Tarek William Saab | Las formas del libro<\/title>\n<meta name=\"description\" content=\"El \u201cPoeta de la Revoluci\u00f3n\u201d, como lo bautiz\u00f3 Hugo Ch\u00e1vez, es Fiscal General de la Rep\u00fablica Bolivariana de Venezuela. Ha sido diputado, gobernador, pero por sobre todo es un poeta. En Las formas del libro Tarek William Saab conversa con Ra\u00fal Cazal sobre sus fracasos y las altas cimas que fueron el camino para la construcci\u00f3n de su voz po\u00e9tica.\" \/>\n<meta name=\"robots\" content=\"index, follow, max-snippet:-1, max-image-preview:large, max-video-preview:-1\" \/>\n<link rel=\"canonical\" href=\"http:\/\/lasformasdellibro.com\/?video_skrn=tarek-william-saab\" \/>\n<meta property=\"og:locale\" content=\"es_ES\" \/>\n<meta property=\"og:type\" content=\"article\" \/>\n<meta property=\"og:title\" content=\"Tarek William Saab | Las formas del libro\" \/>\n<meta property=\"og:description\" content=\"El \u201cPoeta de la Revoluci\u00f3n\u201d, como lo bautiz\u00f3 Hugo Ch\u00e1vez, es Fiscal General de la Rep\u00fablica Bolivariana de Venezuela. Ha sido diputado, gobernador, pero por sobre todo es un poeta. En Las formas del libro Tarek William Saab conversa con Ra\u00fal Cazal sobre sus fracasos y las altas cimas que fueron el camino para la construcci\u00f3n de su voz po\u00e9tica.\" \/>\n<meta property=\"og:url\" content=\"http:\/\/lasformasdellibro.com\/?video_skrn=tarek-william-saab\" \/>\n<meta property=\"og:site_name\" content=\"Las formas del libro\" \/>\n<meta property=\"article:publisher\" content=\"https:\/\/www.facebook.com\/Las-formas-del-libro-102317785840531\" \/>\n<meta property=\"article:modified_time\" content=\"2025-02-28T22:10:37+00:00\" \/>\n<meta property=\"og:image\" content=\"http:\/\/lasformasdellibro.com\/wp-content\/uploads\/2023\/02\/Tarek-William-Saab-ep21.jpg\" \/>\n\t<meta property=\"og:image:width\" content=\"1280\" \/>\n\t<meta property=\"og:image:height\" content=\"720\" \/>\n\t<meta property=\"og:image:type\" content=\"image\/jpeg\" \/>\n<meta name=\"twitter:card\" content=\"summary_large_image\" \/>\n<meta name=\"twitter:site\" content=\"@formasdel_libro\" \/>\n<meta name=\"twitter:label1\" content=\"Tiempo de lectura\" \/>\n\t<meta name=\"twitter:data1\" content=\"3 minutos\" \/>\n<script type=\"application\/ld+json\" class=\"yoast-schema-graph\">{\"@context\":\"https:\/\/schema.org\",\"@graph\":[{\"@type\":\"WebPage\",\"@id\":\"http:\/\/lasformasdellibro.com\/?video_skrn=tarek-william-saab\",\"url\":\"http:\/\/lasformasdellibro.com\/?video_skrn=tarek-william-saab\",\"name\":\"Tarek William Saab | Las formas del libro\",\"isPartOf\":{\"@id\":\"http:\/\/lasformasdellibro.com\/#website\"},\"datePublished\":\"2023-01-16T14:00:00+00:00\",\"dateModified\":\"2025-02-28T22:10:37+00:00\",\"description\":\"El \u201cPoeta de la Revoluci\u00f3n\u201d, como lo bautiz\u00f3 Hugo Ch\u00e1vez, es Fiscal General de la Rep\u00fablica Bolivariana de Venezuela. Ha sido diputado, gobernador, pero por sobre todo es un poeta. En Las formas del libro Tarek William Saab conversa con Ra\u00fal Cazal sobre sus fracasos y las altas cimas que fueron el camino para la construcci\u00f3n de su voz po\u00e9tica.\",\"breadcrumb\":{\"@id\":\"http:\/\/lasformasdellibro.com\/?video_skrn=tarek-william-saab#breadcrumb\"},\"inLanguage\":\"es\",\"potentialAction\":[{\"@type\":\"ReadAction\",\"target\":[\"http:\/\/lasformasdellibro.com\/?video_skrn=tarek-william-saab\"]}]},{\"@type\":\"BreadcrumbList\",\"@id\":\"http:\/\/lasformasdellibro.com\/?video_skrn=tarek-william-saab#breadcrumb\",\"itemListElement\":[{\"@type\":\"ListItem\",\"position\":1,\"name\":\"Home\",\"item\":\"http:\/\/lasformasdellibro.com\/\"},{\"@type\":\"ListItem\",\"position\":2,\"name\":\"Videos\",\"item\":\"http:\/\/lasformasdellibro.com\/?post_type=video_skrn\"},{\"@type\":\"ListItem\",\"position\":3,\"name\":\"Tarek William Saab\"}]},{\"@type\":\"WebSite\",\"@id\":\"http:\/\/lasformasdellibro.com\/#website\",\"url\":\"http:\/\/lasformasdellibro.com\/\",\"name\":\"Las formas del libro\",\"description\":\"Leer para conversar, pensar, analizar, reflexionar, vivir. Dirigido y conducido por Ra\u00fal Cazal. Una producci\u00f3n del Centro Nacional del Libro\u00a0de\u00a0Venezuela.\",\"publisher\":{\"@id\":\"http:\/\/lasformasdellibro.com\/#organization\"},\"potentialAction\":[{\"@type\":\"SearchAction\",\"target\":{\"@type\":\"EntryPoint\",\"urlTemplate\":\"http:\/\/lasformasdellibro.com\/?s={search_term_string}\"},\"query-input\":\"required name=search_term_string\"}],\"inLanguage\":\"es\"},{\"@type\":\"Organization\",\"@id\":\"http:\/\/lasformasdellibro.com\/#organization\",\"name\":\"Las formas del libro\",\"url\":\"http:\/\/lasformasdellibro.com\/\",\"logo\":{\"@type\":\"ImageObject\",\"inLanguage\":\"es\",\"@id\":\"http:\/\/lasformasdellibro.com\/#\/schema\/logo\/image\/\",\"url\":\"http:\/\/lasformasdellibro.com\/wp-content\/uploads\/2023\/01\/Las-formas-del-libro-01.png\",\"contentUrl\":\"http:\/\/lasformasdellibro.com\/wp-content\/uploads\/2023\/01\/Las-formas-del-libro-01.png\",\"width\":1244,\"height\":309,\"caption\":\"Las formas del libro\"},\"image\":{\"@id\":\"http:\/\/lasformasdellibro.com\/#\/schema\/logo\/image\/\"},\"sameAs\":[\"https:\/\/www.facebook.com\/Las-formas-del-libro-102317785840531\",\"https:\/\/twitter.com\/formasdel_libro\",\"http:\/\/www.instagram.com\/formasdel_libro\",\"https:\/\/www.youtube.com\/@lasformasdellibro\",\"https:\/\/t.me\/lasformasdellibro\"]}]}<\/script>\n<!-- \/ Yoast SEO plugin. -->","yoast_head_json":{"title":"Tarek William Saab | Las formas del libro","description":"El \u201cPoeta de la Revoluci\u00f3n\u201d, como lo bautiz\u00f3 Hugo Ch\u00e1vez, es Fiscal General de la Rep\u00fablica Bolivariana de Venezuela. Ha sido diputado, gobernador, pero por sobre todo es un poeta. En Las formas del libro Tarek William Saab conversa con Ra\u00fal Cazal sobre sus fracasos y las altas cimas que fueron el camino para la construcci\u00f3n de su voz po\u00e9tica.","robots":{"index":"index","follow":"follow","max-snippet":"max-snippet:-1","max-image-preview":"max-image-preview:large","max-video-preview":"max-video-preview:-1"},"canonical":"http:\/\/lasformasdellibro.com\/?video_skrn=tarek-william-saab","og_locale":"es_ES","og_type":"article","og_title":"Tarek William Saab | Las formas del libro","og_description":"El \u201cPoeta de la Revoluci\u00f3n\u201d, como lo bautiz\u00f3 Hugo Ch\u00e1vez, es Fiscal General de la Rep\u00fablica Bolivariana de Venezuela. Ha sido diputado, gobernador, pero por sobre todo es un poeta. En Las formas del libro Tarek William Saab conversa con Ra\u00fal Cazal sobre sus fracasos y las altas cimas que fueron el camino para la construcci\u00f3n de su voz po\u00e9tica.","og_url":"http:\/\/lasformasdellibro.com\/?video_skrn=tarek-william-saab","og_site_name":"Las formas del libro","article_publisher":"https:\/\/www.facebook.com\/Las-formas-del-libro-102317785840531","article_modified_time":"2025-02-28T22:10:37+00:00","og_image":[{"width":1280,"height":720,"url":"http:\/\/lasformasdellibro.com\/wp-content\/uploads\/2023\/02\/Tarek-William-Saab-ep21.jpg","type":"image\/jpeg"}],"twitter_card":"summary_large_image","twitter_site":"@formasdel_libro","twitter_misc":{"Tiempo de lectura":"3 minutos"},"schema":{"@context":"https:\/\/schema.org","@graph":[{"@type":"WebPage","@id":"http:\/\/lasformasdellibro.com\/?video_skrn=tarek-william-saab","url":"http:\/\/lasformasdellibro.com\/?video_skrn=tarek-william-saab","name":"Tarek William Saab | Las formas del libro","isPartOf":{"@id":"http:\/\/lasformasdellibro.com\/#website"},"datePublished":"2023-01-16T14:00:00+00:00","dateModified":"2025-02-28T22:10:37+00:00","description":"El \u201cPoeta de la Revoluci\u00f3n\u201d, como lo bautiz\u00f3 Hugo Ch\u00e1vez, es Fiscal General de la Rep\u00fablica Bolivariana de Venezuela. Ha sido diputado, gobernador, pero por sobre todo es un poeta. En Las formas del libro Tarek William Saab conversa con Ra\u00fal Cazal sobre sus fracasos y las altas cimas que fueron el camino para la construcci\u00f3n de su voz po\u00e9tica.","breadcrumb":{"@id":"http:\/\/lasformasdellibro.com\/?video_skrn=tarek-william-saab#breadcrumb"},"inLanguage":"es","potentialAction":[{"@type":"ReadAction","target":["http:\/\/lasformasdellibro.com\/?video_skrn=tarek-william-saab"]}]},{"@type":"BreadcrumbList","@id":"http:\/\/lasformasdellibro.com\/?video_skrn=tarek-william-saab#breadcrumb","itemListElement":[{"@type":"ListItem","position":1,"name":"Home","item":"http:\/\/lasformasdellibro.com\/"},{"@type":"ListItem","position":2,"name":"Videos","item":"http:\/\/lasformasdellibro.com\/?post_type=video_skrn"},{"@type":"ListItem","position":3,"name":"Tarek William Saab"}]},{"@type":"WebSite","@id":"http:\/\/lasformasdellibro.com\/#website","url":"http:\/\/lasformasdellibro.com\/","name":"Las formas del libro","description":"Leer para conversar, pensar, analizar, reflexionar, vivir. Dirigido y conducido por Ra\u00fal Cazal. Una producci\u00f3n del Centro Nacional del Libro\u00a0de\u00a0Venezuela.","publisher":{"@id":"http:\/\/lasformasdellibro.com\/#organization"},"potentialAction":[{"@type":"SearchAction","target":{"@type":"EntryPoint","urlTemplate":"http:\/\/lasformasdellibro.com\/?s={search_term_string}"},"query-input":"required name=search_term_string"}],"inLanguage":"es"},{"@type":"Organization","@id":"http:\/\/lasformasdellibro.com\/#organization","name":"Las formas del libro","url":"http:\/\/lasformasdellibro.com\/","logo":{"@type":"ImageObject","inLanguage":"es","@id":"http:\/\/lasformasdellibro.com\/#\/schema\/logo\/image\/","url":"http:\/\/lasformasdellibro.com\/wp-content\/uploads\/2023\/01\/Las-formas-del-libro-01.png","contentUrl":"http:\/\/lasformasdellibro.com\/wp-content\/uploads\/2023\/01\/Las-formas-del-libro-01.png","width":1244,"height":309,"caption":"Las formas del libro"},"image":{"@id":"http:\/\/lasformasdellibro.com\/#\/schema\/logo\/image\/"},"sameAs":["https:\/\/www.facebook.com\/Las-formas-del-libro-102317785840531","https:\/\/twitter.com\/formasdel_libro","http:\/\/www.instagram.com\/formasdel_libro","https:\/\/www.youtube.com\/@lasformasdellibro","https:\/\/t.me\/lasformasdellibro"]}]}},"_links":{"self":[{"href":"http:\/\/lasformasdellibro.com\/index.php?rest_route=\/wp\/v2\/video_skrn\/662"}],"collection":[{"href":"http:\/\/lasformasdellibro.com\/index.php?rest_route=\/wp\/v2\/video_skrn"}],"about":[{"href":"http:\/\/lasformasdellibro.com\/index.php?rest_route=\/wp\/v2\/types\/video_skrn"}],"replies":[{"embeddable":true,"href":"http:\/\/lasformasdellibro.com\/index.php?rest_route=%2Fwp%2Fv2%2Fcomments&post=662"}],"wp:featuredmedia":[{"embeddable":true,"href":"http:\/\/lasformasdellibro.com\/index.php?rest_route=\/wp\/v2\/media\/801"}],"wp:attachment":[{"href":"http:\/\/lasformasdellibro.com\/index.php?rest_route=%2Fwp%2Fv2%2Fmedia&parent=662"}],"wp:term":[{"taxonomy":"video-type","embeddable":true,"href":"http:\/\/lasformasdellibro.com\/index.php?rest_route=%2Fwp%2Fv2%2Fvideo-type&post=662"},{"taxonomy":"video-genres","embeddable":true,"href":"http:\/\/lasformasdellibro.com\/index.php?rest_route=%2Fwp%2Fv2%2Fvideo-genres&post=662"},{"taxonomy":"video-category","embeddable":true,"href":"http:\/\/lasformasdellibro.com\/index.php?rest_route=%2Fwp%2Fv2%2Fvideo-category&post=662"},{"taxonomy":"video-cast","embeddable":true,"href":"http:\/\/lasformasdellibro.com\/index.php?rest_route=%2Fwp%2Fv2%2Fvideo-cast&post=662"},{"taxonomy":"video-director","embeddable":true,"href":"http:\/\/lasformasdellibro.com\/index.php?rest_route=%2Fwp%2Fv2%2Fvideo-director&post=662"}],"curies":[{"name":"wp","href":"https:\/\/api.w.org\/{rel}","templated":true}]}}