{"id":856,"date":"2023-03-02T10:00:00","date_gmt":"2023-03-02T14:00:00","guid":{"rendered":"http:\/\/lasformasdellibro.com\/?post_type=video_skrn&#038;p=856"},"modified":"2025-02-28T18:12:16","modified_gmt":"2025-02-28T22:12:16","slug":"sara-otero-santiso","status":"publish","type":"video_skrn","link":"http:\/\/lasformasdellibro.com\/?video_skrn=sara-otero-santiso","title":{"rendered":"Sara Otero Santiso"},"content":{"rendered":"\n<p>En el mes de marzo confluyen muchas fechas significativas que se pueden resumir con nuestra invitada en <strong>Las formas del libro<\/strong>, la coronela Sara Otero Santiso. Su mirada como editora, escritora y profesora nos invita a acercarnos a la Academia Militar venezolana y a la producci\u00f3n intelectual que se expresa en la Editorial Hormiguero.<\/p>\n\n\n\n<p><strong>Las formas del libro | Episodio 23<br><\/strong><em>02 mar 2023<br><\/em>Direcci\u00f3n y conducci\u00f3n: Ra\u00fal Cazal<br>Producci\u00f3n, gui\u00f3n y edici\u00f3n: Susana Segovia Gana<br>Fotograf\u00eda y sonido: Juan Castillo<br>C\u00e1maras: Emiliana Cazal G\u00f3mez y Karel Mikhail Garc\u00eda.<br>M\u00fasica: Pedro Mar\u00edn.<br>Fotofija: Gabriela Materano<br>Agradecimientos: Universidad Militar Bolivariana de Venezuela<br>Una producci\u00f3n del Ministerio del Poder Popular para la Cultura y el Centro Nacional del Libro de Venezuela.<\/p>\n\n\n\n<figure class=\"wp-block-gallery has-nested-images columns-default is-cropped wp-block-gallery-1 is-layout-flex\">\n<figure class=\"wp-block-image size-large\"><a href=\"http:\/\/lasformasdellibro.com\/wp-content\/uploads\/2023\/03\/1677547767718.jpg\"><img decoding=\"async\" loading=\"lazy\" width=\"683\" height=\"1024\" data-id=\"1184\"  src=\"http:\/\/lasformasdellibro.com\/wp-content\/uploads\/2023\/03\/1677547767718-683x1024.jpg\" alt=\"\" class=\"wp-image-1184\" srcset=\"http:\/\/lasformasdellibro.com\/wp-content\/uploads\/2023\/03\/1677547767718-683x1024.jpg 683w, http:\/\/lasformasdellibro.com\/wp-content\/uploads\/2023\/03\/1677547767718-200x300.jpg 200w, http:\/\/lasformasdellibro.com\/wp-content\/uploads\/2023\/03\/1677547767718-768x1152.jpg 768w, http:\/\/lasformasdellibro.com\/wp-content\/uploads\/2023\/03\/1677547767718-1024x1536.jpg 1024w, http:\/\/lasformasdellibro.com\/wp-content\/uploads\/2023\/03\/1677547767718-640x960.jpg 640w, http:\/\/lasformasdellibro.com\/wp-content\/uploads\/2023\/03\/1677547767718-400x600.jpg 400w, http:\/\/lasformasdellibro.com\/wp-content\/uploads\/2023\/03\/1677547767718.jpg 1280w\" sizes=\"(max-width: 683px) 100vw, 683px\" \/><\/a><\/figure>\n\n\n\n<figure class=\"wp-block-image size-large\"><a href=\"http:\/\/lasformasdellibro.com\/wp-content\/uploads\/2023\/03\/1677547767640.jpg\"><img decoding=\"async\" loading=\"lazy\" width=\"1024\" height=\"576\" data-id=\"1180\"  src=\"http:\/\/lasformasdellibro.com\/wp-content\/uploads\/2023\/03\/1677547767640-1024x576.jpg\" alt=\"\" class=\"wp-image-1180\" srcset=\"http:\/\/lasformasdellibro.com\/wp-content\/uploads\/2023\/03\/1677547767640-1024x576.jpg 1024w, http:\/\/lasformasdellibro.com\/wp-content\/uploads\/2023\/03\/1677547767640-300x169.jpg 300w, http:\/\/lasformasdellibro.com\/wp-content\/uploads\/2023\/03\/1677547767640-768x432.jpg 768w, http:\/\/lasformasdellibro.com\/wp-content\/uploads\/2023\/03\/1677547767640-1536x864.jpg 1536w, http:\/\/lasformasdellibro.com\/wp-content\/uploads\/2023\/03\/1677547767640-640x360.jpg 640w, http:\/\/lasformasdellibro.com\/wp-content\/uploads\/2023\/03\/1677547767640.jpg 1920w\" sizes=\"(max-width: 1024px) 100vw, 1024px\" \/><\/a><\/figure>\n\n\n\n<figure class=\"wp-block-image size-large\"><a href=\"http:\/\/lasformasdellibro.com\/wp-content\/uploads\/2023\/03\/1677547767691.jpg\"><img decoding=\"async\" loading=\"lazy\" width=\"1024\" height=\"576\" data-id=\"1182\"  src=\"http:\/\/lasformasdellibro.com\/wp-content\/uploads\/2023\/03\/1677547767691-1024x576.jpg\" alt=\"\" class=\"wp-image-1182\" srcset=\"http:\/\/lasformasdellibro.com\/wp-content\/uploads\/2023\/03\/1677547767691-1024x576.jpg 1024w, http:\/\/lasformasdellibro.com\/wp-content\/uploads\/2023\/03\/1677547767691-300x169.jpg 300w, http:\/\/lasformasdellibro.com\/wp-content\/uploads\/2023\/03\/1677547767691-768x432.jpg 768w, http:\/\/lasformasdellibro.com\/wp-content\/uploads\/2023\/03\/1677547767691-1536x864.jpg 1536w, http:\/\/lasformasdellibro.com\/wp-content\/uploads\/2023\/03\/1677547767691-640x360.jpg 640w, http:\/\/lasformasdellibro.com\/wp-content\/uploads\/2023\/03\/1677547767691.jpg 1920w\" sizes=\"(max-width: 1024px) 100vw, 1024px\" \/><\/a><\/figure>\n\n\n\n<figure class=\"wp-block-image size-large\"><a href=\"http:\/\/lasformasdellibro.com\/wp-content\/uploads\/2023\/03\/1677547767705.jpg\"><img decoding=\"async\" loading=\"lazy\" width=\"1024\" height=\"576\" data-id=\"1183\"  src=\"http:\/\/lasformasdellibro.com\/wp-content\/uploads\/2023\/03\/1677547767705-1024x576.jpg\" alt=\"\" class=\"wp-image-1183\" srcset=\"http:\/\/lasformasdellibro.com\/wp-content\/uploads\/2023\/03\/1677547767705-1024x576.jpg 1024w, http:\/\/lasformasdellibro.com\/wp-content\/uploads\/2023\/03\/1677547767705-300x169.jpg 300w, http:\/\/lasformasdellibro.com\/wp-content\/uploads\/2023\/03\/1677547767705-768x432.jpg 768w, http:\/\/lasformasdellibro.com\/wp-content\/uploads\/2023\/03\/1677547767705-1536x864.jpg 1536w, http:\/\/lasformasdellibro.com\/wp-content\/uploads\/2023\/03\/1677547767705-640x360.jpg 640w, http:\/\/lasformasdellibro.com\/wp-content\/uploads\/2023\/03\/1677547767705.jpg 1920w\" sizes=\"(max-width: 1024px) 100vw, 1024px\" \/><\/a><\/figure>\n\n\n\n<figure class=\"wp-block-image size-large\"><a href=\"http:\/\/lasformasdellibro.com\/wp-content\/uploads\/2023\/03\/1677547767787.jpg\"><img decoding=\"async\" loading=\"lazy\" width=\"1024\" height=\"576\" data-id=\"1187\"  src=\"http:\/\/lasformasdellibro.com\/wp-content\/uploads\/2023\/03\/1677547767787-1024x576.jpg\" alt=\"\" class=\"wp-image-1187\" srcset=\"http:\/\/lasformasdellibro.com\/wp-content\/uploads\/2023\/03\/1677547767787-1024x576.jpg 1024w, http:\/\/lasformasdellibro.com\/wp-content\/uploads\/2023\/03\/1677547767787-300x169.jpg 300w, http:\/\/lasformasdellibro.com\/wp-content\/uploads\/2023\/03\/1677547767787-768x432.jpg 768w, http:\/\/lasformasdellibro.com\/wp-content\/uploads\/2023\/03\/1677547767787-1536x864.jpg 1536w, http:\/\/lasformasdellibro.com\/wp-content\/uploads\/2023\/03\/1677547767787-640x360.jpg 640w, http:\/\/lasformasdellibro.com\/wp-content\/uploads\/2023\/03\/1677547767787.jpg 1920w\" sizes=\"(max-width: 1024px) 100vw, 1024px\" \/><\/a><\/figure>\n\n\n\n<figure class=\"wp-block-image size-large\"><a href=\"http:\/\/lasformasdellibro.com\/wp-content\/uploads\/2023\/03\/1677547767816.jpg\"><img decoding=\"async\" loading=\"lazy\" width=\"1024\" height=\"576\" data-id=\"1188\"  src=\"http:\/\/lasformasdellibro.com\/wp-content\/uploads\/2023\/03\/1677547767816-1024x576.jpg\" alt=\"\" class=\"wp-image-1188\" srcset=\"http:\/\/lasformasdellibro.com\/wp-content\/uploads\/2023\/03\/1677547767816-1024x576.jpg 1024w, http:\/\/lasformasdellibro.com\/wp-content\/uploads\/2023\/03\/1677547767816-300x169.jpg 300w, http:\/\/lasformasdellibro.com\/wp-content\/uploads\/2023\/03\/1677547767816-768x432.jpg 768w, http:\/\/lasformasdellibro.com\/wp-content\/uploads\/2023\/03\/1677547767816-1536x864.jpg 1536w, http:\/\/lasformasdellibro.com\/wp-content\/uploads\/2023\/03\/1677547767816-640x360.jpg 640w, http:\/\/lasformasdellibro.com\/wp-content\/uploads\/2023\/03\/1677547767816.jpg 1920w\" sizes=\"(max-width: 1024px) 100vw, 1024px\" \/><\/a><\/figure>\n\n\n\n<figure class=\"wp-block-image size-large\"><a href=\"http:\/\/lasformasdellibro.com\/wp-content\/uploads\/2023\/03\/1677547768839.jpg\"><img decoding=\"async\" loading=\"lazy\" width=\"1024\" height=\"576\" data-id=\"1192\"  src=\"http:\/\/lasformasdellibro.com\/wp-content\/uploads\/2023\/03\/1677547768839-1024x576.jpg\" alt=\"\" class=\"wp-image-1192\" srcset=\"http:\/\/lasformasdellibro.com\/wp-content\/uploads\/2023\/03\/1677547768839-1024x576.jpg 1024w, http:\/\/lasformasdellibro.com\/wp-content\/uploads\/2023\/03\/1677547768839-300x169.jpg 300w, http:\/\/lasformasdellibro.com\/wp-content\/uploads\/2023\/03\/1677547768839-768x432.jpg 768w, http:\/\/lasformasdellibro.com\/wp-content\/uploads\/2023\/03\/1677547768839-1536x864.jpg 1536w, http:\/\/lasformasdellibro.com\/wp-content\/uploads\/2023\/03\/1677547768839-640x360.jpg 640w, http:\/\/lasformasdellibro.com\/wp-content\/uploads\/2023\/03\/1677547768839.jpg 1920w\" sizes=\"(max-width: 1024px) 100vw, 1024px\" \/><\/a><\/figure>\n\n\n\n<figure class=\"wp-block-image size-large\"><a href=\"http:\/\/lasformasdellibro.com\/wp-content\/uploads\/2023\/03\/1677547767858.jpg\"><img decoding=\"async\" loading=\"lazy\" width=\"1024\" height=\"576\" data-id=\"1189\"  src=\"http:\/\/lasformasdellibro.com\/wp-content\/uploads\/2023\/03\/1677547767858-1024x576.jpg\" alt=\"\" class=\"wp-image-1189\" srcset=\"http:\/\/lasformasdellibro.com\/wp-content\/uploads\/2023\/03\/1677547767858-1024x576.jpg 1024w, http:\/\/lasformasdellibro.com\/wp-content\/uploads\/2023\/03\/1677547767858-300x169.jpg 300w, http:\/\/lasformasdellibro.com\/wp-content\/uploads\/2023\/03\/1677547767858-768x432.jpg 768w, http:\/\/lasformasdellibro.com\/wp-content\/uploads\/2023\/03\/1677547767858-1536x864.jpg 1536w, http:\/\/lasformasdellibro.com\/wp-content\/uploads\/2023\/03\/1677547767858-640x360.jpg 640w, http:\/\/lasformasdellibro.com\/wp-content\/uploads\/2023\/03\/1677547767858.jpg 1920w\" sizes=\"(max-width: 1024px) 100vw, 1024px\" \/><\/a><\/figure>\n\n\n\n<figure class=\"wp-block-image size-large\"><a href=\"http:\/\/lasformasdellibro.com\/wp-content\/uploads\/2023\/03\/1677547767975.jpg\"><img decoding=\"async\" loading=\"lazy\" width=\"1024\" height=\"576\" data-id=\"1190\"  src=\"http:\/\/lasformasdellibro.com\/wp-content\/uploads\/2023\/03\/1677547767975-1024x576.jpg\" alt=\"\" class=\"wp-image-1190\" srcset=\"http:\/\/lasformasdellibro.com\/wp-content\/uploads\/2023\/03\/1677547767975-1024x576.jpg 1024w, http:\/\/lasformasdellibro.com\/wp-content\/uploads\/2023\/03\/1677547767975-300x169.jpg 300w, http:\/\/lasformasdellibro.com\/wp-content\/uploads\/2023\/03\/1677547767975-768x432.jpg 768w, http:\/\/lasformasdellibro.com\/wp-content\/uploads\/2023\/03\/1677547767975-1536x864.jpg 1536w, http:\/\/lasformasdellibro.com\/wp-content\/uploads\/2023\/03\/1677547767975-640x360.jpg 640w, http:\/\/lasformasdellibro.com\/wp-content\/uploads\/2023\/03\/1677547767975.jpg 1920w\" sizes=\"(max-width: 1024px) 100vw, 1024px\" \/><\/a><\/figure>\n<\/figure>\n","protected":false},"excerpt":{"rendered":"<p>En el mes de marzo confluyen muchas fechas significativas que se pueden resumir con nuestra invitada en Las formas del libro, la coronela Sara Otero Santiso. Su mirada como editora, escritora y profesora nos invita a acercarnos a la Academia Militar venezolana y a la producci\u00f3n intelectual que se expresa en la Editorial Hormiguero.<\/p>\n","protected":false},"featured_media":857,"comment_status":"open","ping_status":"closed","template":"","video-type":[4],"video-genres":[],"video-category":[27],"video-cast":[],"video-director":[],"yoast_head":"<!-- This site is optimized with the Yoast SEO plugin v20.6 - https:\/\/yoast.com\/wordpress\/plugins\/seo\/ -->\n<title>Sara Otero Santiso | Las formas del libro<\/title>\n<meta name=\"description\" content=\"En el mes de marzo confluyen muchas fechas significativas que se pueden resumir con nuestra invitada en Las formas del libro, la coronela Sara Otero Santiso. Su mirada como editora, escritora y profesora nos invita a acercarnos a la Academia Militar venezolana y a la producci\u00f3n intelectual que se expresa en la Editorial Hormiguero.\" \/>\n<meta name=\"robots\" content=\"index, follow, max-snippet:-1, max-image-preview:large, max-video-preview:-1\" \/>\n<link rel=\"canonical\" href=\"http:\/\/lasformasdellibro.com\/?video_skrn=sara-otero-santiso\" \/>\n<meta property=\"og:locale\" content=\"es_ES\" \/>\n<meta property=\"og:type\" content=\"article\" \/>\n<meta property=\"og:title\" content=\"Sara Otero Santiso | Las formas del libro\" \/>\n<meta property=\"og:description\" content=\"En el mes de marzo confluyen muchas fechas significativas que se pueden resumir con nuestra invitada en Las formas del libro, la coronela Sara Otero Santiso. Su mirada como editora, escritora y profesora nos invita a acercarnos a la Academia Militar venezolana y a la producci\u00f3n intelectual que se expresa en la Editorial Hormiguero.\" \/>\n<meta property=\"og:url\" content=\"http:\/\/lasformasdellibro.com\/?video_skrn=sara-otero-santiso\" \/>\n<meta property=\"og:site_name\" content=\"Las formas del libro\" \/>\n<meta property=\"article:publisher\" content=\"https:\/\/www.facebook.com\/Las-formas-del-libro-102317785840531\" \/>\n<meta property=\"article:modified_time\" content=\"2025-02-28T22:12:16+00:00\" \/>\n<meta property=\"og:image\" content=\"http:\/\/lasformasdellibro.com\/wp-content\/uploads\/2023\/03\/Sara-Otreo-Santiso.png\" \/>\n\t<meta property=\"og:image:width\" content=\"1280\" \/>\n\t<meta property=\"og:image:height\" content=\"720\" \/>\n\t<meta property=\"og:image:type\" content=\"image\/png\" \/>\n<meta name=\"twitter:card\" content=\"summary_large_image\" \/>\n<meta name=\"twitter:site\" content=\"@formasdel_libro\" \/>\n<meta name=\"twitter:label1\" content=\"Tiempo de lectura\" \/>\n\t<meta name=\"twitter:data1\" content=\"3 minutos\" \/>\n<script type=\"application\/ld+json\" class=\"yoast-schema-graph\">{\"@context\":\"https:\/\/schema.org\",\"@graph\":[{\"@type\":\"WebPage\",\"@id\":\"http:\/\/lasformasdellibro.com\/?video_skrn=sara-otero-santiso\",\"url\":\"http:\/\/lasformasdellibro.com\/?video_skrn=sara-otero-santiso\",\"name\":\"Sara Otero Santiso | Las formas del libro\",\"isPartOf\":{\"@id\":\"http:\/\/lasformasdellibro.com\/#website\"},\"datePublished\":\"2023-03-02T14:00:00+00:00\",\"dateModified\":\"2025-02-28T22:12:16+00:00\",\"description\":\"En el mes de marzo confluyen muchas fechas significativas que se pueden resumir con nuestra invitada en Las formas del libro, la coronela Sara Otero Santiso. Su mirada como editora, escritora y profesora nos invita a acercarnos a la Academia Militar venezolana y a la producci\u00f3n intelectual que se expresa en la Editorial Hormiguero.\",\"breadcrumb\":{\"@id\":\"http:\/\/lasformasdellibro.com\/?video_skrn=sara-otero-santiso#breadcrumb\"},\"inLanguage\":\"es\",\"potentialAction\":[{\"@type\":\"ReadAction\",\"target\":[\"http:\/\/lasformasdellibro.com\/?video_skrn=sara-otero-santiso\"]}]},{\"@type\":\"BreadcrumbList\",\"@id\":\"http:\/\/lasformasdellibro.com\/?video_skrn=sara-otero-santiso#breadcrumb\",\"itemListElement\":[{\"@type\":\"ListItem\",\"position\":1,\"name\":\"Home\",\"item\":\"http:\/\/lasformasdellibro.com\/\"},{\"@type\":\"ListItem\",\"position\":2,\"name\":\"Videos\",\"item\":\"http:\/\/lasformasdellibro.com\/?post_type=video_skrn\"},{\"@type\":\"ListItem\",\"position\":3,\"name\":\"Sara Otero Santiso\"}]},{\"@type\":\"WebSite\",\"@id\":\"http:\/\/lasformasdellibro.com\/#website\",\"url\":\"http:\/\/lasformasdellibro.com\/\",\"name\":\"Las formas del libro\",\"description\":\"Leer para conversar, pensar, analizar, reflexionar, vivir. Dirigido y conducido por Ra\u00fal Cazal. Una producci\u00f3n del Centro Nacional del Libro\u00a0de\u00a0Venezuela.\",\"publisher\":{\"@id\":\"http:\/\/lasformasdellibro.com\/#organization\"},\"potentialAction\":[{\"@type\":\"SearchAction\",\"target\":{\"@type\":\"EntryPoint\",\"urlTemplate\":\"http:\/\/lasformasdellibro.com\/?s={search_term_string}\"},\"query-input\":\"required name=search_term_string\"}],\"inLanguage\":\"es\"},{\"@type\":\"Organization\",\"@id\":\"http:\/\/lasformasdellibro.com\/#organization\",\"name\":\"Las formas del libro\",\"url\":\"http:\/\/lasformasdellibro.com\/\",\"logo\":{\"@type\":\"ImageObject\",\"inLanguage\":\"es\",\"@id\":\"http:\/\/lasformasdellibro.com\/#\/schema\/logo\/image\/\",\"url\":\"http:\/\/lasformasdellibro.com\/wp-content\/uploads\/2023\/01\/Las-formas-del-libro-01.png\",\"contentUrl\":\"http:\/\/lasformasdellibro.com\/wp-content\/uploads\/2023\/01\/Las-formas-del-libro-01.png\",\"width\":1244,\"height\":309,\"caption\":\"Las formas del libro\"},\"image\":{\"@id\":\"http:\/\/lasformasdellibro.com\/#\/schema\/logo\/image\/\"},\"sameAs\":[\"https:\/\/www.facebook.com\/Las-formas-del-libro-102317785840531\",\"https:\/\/twitter.com\/formasdel_libro\",\"http:\/\/www.instagram.com\/formasdel_libro\",\"https:\/\/www.youtube.com\/@lasformasdellibro\",\"https:\/\/t.me\/lasformasdellibro\"]}]}<\/script>\n<!-- \/ Yoast SEO plugin. -->","yoast_head_json":{"title":"Sara Otero Santiso | Las formas del libro","description":"En el mes de marzo confluyen muchas fechas significativas que se pueden resumir con nuestra invitada en Las formas del libro, la coronela Sara Otero Santiso. Su mirada como editora, escritora y profesora nos invita a acercarnos a la Academia Militar venezolana y a la producci\u00f3n intelectual que se expresa en la Editorial Hormiguero.","robots":{"index":"index","follow":"follow","max-snippet":"max-snippet:-1","max-image-preview":"max-image-preview:large","max-video-preview":"max-video-preview:-1"},"canonical":"http:\/\/lasformasdellibro.com\/?video_skrn=sara-otero-santiso","og_locale":"es_ES","og_type":"article","og_title":"Sara Otero Santiso | Las formas del libro","og_description":"En el mes de marzo confluyen muchas fechas significativas que se pueden resumir con nuestra invitada en Las formas del libro, la coronela Sara Otero Santiso. Su mirada como editora, escritora y profesora nos invita a acercarnos a la Academia Militar venezolana y a la producci\u00f3n intelectual que se expresa en la Editorial Hormiguero.","og_url":"http:\/\/lasformasdellibro.com\/?video_skrn=sara-otero-santiso","og_site_name":"Las formas del libro","article_publisher":"https:\/\/www.facebook.com\/Las-formas-del-libro-102317785840531","article_modified_time":"2025-02-28T22:12:16+00:00","og_image":[{"width":1280,"height":720,"url":"http:\/\/lasformasdellibro.com\/wp-content\/uploads\/2023\/03\/Sara-Otreo-Santiso.png","type":"image\/png"}],"twitter_card":"summary_large_image","twitter_site":"@formasdel_libro","twitter_misc":{"Tiempo de lectura":"3 minutos"},"schema":{"@context":"https:\/\/schema.org","@graph":[{"@type":"WebPage","@id":"http:\/\/lasformasdellibro.com\/?video_skrn=sara-otero-santiso","url":"http:\/\/lasformasdellibro.com\/?video_skrn=sara-otero-santiso","name":"Sara Otero Santiso | Las formas del libro","isPartOf":{"@id":"http:\/\/lasformasdellibro.com\/#website"},"datePublished":"2023-03-02T14:00:00+00:00","dateModified":"2025-02-28T22:12:16+00:00","description":"En el mes de marzo confluyen muchas fechas significativas que se pueden resumir con nuestra invitada en Las formas del libro, la coronela Sara Otero Santiso. Su mirada como editora, escritora y profesora nos invita a acercarnos a la Academia Militar venezolana y a la producci\u00f3n intelectual que se expresa en la Editorial Hormiguero.","breadcrumb":{"@id":"http:\/\/lasformasdellibro.com\/?video_skrn=sara-otero-santiso#breadcrumb"},"inLanguage":"es","potentialAction":[{"@type":"ReadAction","target":["http:\/\/lasformasdellibro.com\/?video_skrn=sara-otero-santiso"]}]},{"@type":"BreadcrumbList","@id":"http:\/\/lasformasdellibro.com\/?video_skrn=sara-otero-santiso#breadcrumb","itemListElement":[{"@type":"ListItem","position":1,"name":"Home","item":"http:\/\/lasformasdellibro.com\/"},{"@type":"ListItem","position":2,"name":"Videos","item":"http:\/\/lasformasdellibro.com\/?post_type=video_skrn"},{"@type":"ListItem","position":3,"name":"Sara Otero Santiso"}]},{"@type":"WebSite","@id":"http:\/\/lasformasdellibro.com\/#website","url":"http:\/\/lasformasdellibro.com\/","name":"Las formas del libro","description":"Leer para conversar, pensar, analizar, reflexionar, vivir. Dirigido y conducido por Ra\u00fal Cazal. Una producci\u00f3n del Centro Nacional del Libro\u00a0de\u00a0Venezuela.","publisher":{"@id":"http:\/\/lasformasdellibro.com\/#organization"},"potentialAction":[{"@type":"SearchAction","target":{"@type":"EntryPoint","urlTemplate":"http:\/\/lasformasdellibro.com\/?s={search_term_string}"},"query-input":"required name=search_term_string"}],"inLanguage":"es"},{"@type":"Organization","@id":"http:\/\/lasformasdellibro.com\/#organization","name":"Las formas del libro","url":"http:\/\/lasformasdellibro.com\/","logo":{"@type":"ImageObject","inLanguage":"es","@id":"http:\/\/lasformasdellibro.com\/#\/schema\/logo\/image\/","url":"http:\/\/lasformasdellibro.com\/wp-content\/uploads\/2023\/01\/Las-formas-del-libro-01.png","contentUrl":"http:\/\/lasformasdellibro.com\/wp-content\/uploads\/2023\/01\/Las-formas-del-libro-01.png","width":1244,"height":309,"caption":"Las formas del libro"},"image":{"@id":"http:\/\/lasformasdellibro.com\/#\/schema\/logo\/image\/"},"sameAs":["https:\/\/www.facebook.com\/Las-formas-del-libro-102317785840531","https:\/\/twitter.com\/formasdel_libro","http:\/\/www.instagram.com\/formasdel_libro","https:\/\/www.youtube.com\/@lasformasdellibro","https:\/\/t.me\/lasformasdellibro"]}]}},"_links":{"self":[{"href":"http:\/\/lasformasdellibro.com\/index.php?rest_route=\/wp\/v2\/video_skrn\/856"}],"collection":[{"href":"http:\/\/lasformasdellibro.com\/index.php?rest_route=\/wp\/v2\/video_skrn"}],"about":[{"href":"http:\/\/lasformasdellibro.com\/index.php?rest_route=\/wp\/v2\/types\/video_skrn"}],"replies":[{"embeddable":true,"href":"http:\/\/lasformasdellibro.com\/index.php?rest_route=%2Fwp%2Fv2%2Fcomments&post=856"}],"wp:featuredmedia":[{"embeddable":true,"href":"http:\/\/lasformasdellibro.com\/index.php?rest_route=\/wp\/v2\/media\/857"}],"wp:attachment":[{"href":"http:\/\/lasformasdellibro.com\/index.php?rest_route=%2Fwp%2Fv2%2Fmedia&parent=856"}],"wp:term":[{"taxonomy":"video-type","embeddable":true,"href":"http:\/\/lasformasdellibro.com\/index.php?rest_route=%2Fwp%2Fv2%2Fvideo-type&post=856"},{"taxonomy":"video-genres","embeddable":true,"href":"http:\/\/lasformasdellibro.com\/index.php?rest_route=%2Fwp%2Fv2%2Fvideo-genres&post=856"},{"taxonomy":"video-category","embeddable":true,"href":"http:\/\/lasformasdellibro.com\/index.php?rest_route=%2Fwp%2Fv2%2Fvideo-category&post=856"},{"taxonomy":"video-cast","embeddable":true,"href":"http:\/\/lasformasdellibro.com\/index.php?rest_route=%2Fwp%2Fv2%2Fvideo-cast&post=856"},{"taxonomy":"video-director","embeddable":true,"href":"http:\/\/lasformasdellibro.com\/index.php?rest_route=%2Fwp%2Fv2%2Fvideo-director&post=856"}],"curies":[{"name":"wp","href":"https:\/\/api.w.org\/{rel}","templated":true}]}}